{"id":3990,"date":"2022-12-05T13:06:02","date_gmt":"2022-12-05T13:06:02","guid":{"rendered":"https:\/\/investment.com.al\/sekretariat\/"},"modified":"2024-09-17T12:27:45","modified_gmt":"2024-09-17T12:27:45","slug":"sekretariati","status":"publish","type":"page","link":"https:\/\/www.investment.com.al\/sq\/sekretariati\/","title":{"rendered":"Sekretariati"},"content":{"rendered":"\t\t<div data-elementor-type=\"wp-page\" data-elementor-id=\"3990\" class=\"elementor elementor-3990 elementor-370\" data-elementor-post-type=\"page\">\n\t\t\t\t\t\t\t\t\t<section class=\"elementor-section elementor-top-section elementor-element elementor-element-1677bc5 elementor-section-boxed elementor-section-height-default elementor-section-height-default\" data-id=\"1677bc5\" data-element_type=\"section\" data-settings=\"{&quot;background_background&quot;:&quot;classic&quot;,&quot;sticky&quot;:&quot;top&quot;,&quot;sticky_offset&quot;:110,&quot;sticky_offset_tablet&quot;:95,&quot;sticky_offset_mobile&quot;:70,&quot;sticky_on&quot;:[&quot;desktop&quot;,&quot;laptop&quot;,&quot;tablet_extra&quot;,&quot;tablet&quot;,&quot;mobile_extra&quot;,&quot;mobile&quot;],&quot;sticky_effects_offset&quot;:0}\">\n\t\t\t\t\t\t<div class=\"elementor-container elementor-column-gap-default\">\n\t\t\t\t\t<div class=\"elementor-column elementor-col-100 elementor-top-column elementor-element elementor-element-117fd43\" data-id=\"117fd43\" data-element_type=\"column\">\n\t\t\t<div class=\"elementor-widget-wrap elementor-element-populated\">\n\t\t\t\t\t\t\t\t\t<\/div>\n\t\t<\/div>\n\t\t\t\t\t\t\t<\/div>\n\t\t<\/section>\n\t\t\t\t<div class=\"elementor-section elementor-top-section elementor-element elementor-element-c830df6 elementor-section-boxed elementor-section-height-default elementor-section-height-default\" data-id=\"c830df6\" data-element_type=\"section\">\n\t\t\t\t\t\t<div class=\"elementor-container elementor-column-gap-no\">\n\t\t\t\t\t<div class=\"elementor-column elementor-col-50 elementor-top-column elementor-element elementor-element-831381a\" data-id=\"831381a\" data-element_type=\"column\" data-settings=\"{&quot;background_background&quot;:&quot;classic&quot;}\">\n\t\t\t<div class=\"elementor-widget-wrap elementor-element-populated\">\n\t\t\t\t\t\t\t\t<div class=\"elementor-element elementor-element-37b942f sidebar-sticky elementor-widget elementor-widget-text-editor\" data-id=\"37b942f\" data-element_type=\"widget\" data-settings=\"{&quot;sticky&quot;:&quot;top&quot;,&quot;sticky_offset&quot;:200,&quot;sticky_parent&quot;:&quot;yes&quot;,&quot;sticky_on&quot;:[&quot;desktop&quot;,&quot;laptop&quot;,&quot;tablet_extra&quot;,&quot;tablet&quot;,&quot;mobile_extra&quot;,&quot;mobile&quot;],&quot;sticky_effects_offset&quot;:0}\" data-widget_type=\"text-editor.default\">\n\t\t\t\t<div class=\"elementor-widget-container\">\n\t\t\t<style>\/*! elementor - v3.18.0 - 20-12-2023 *\/\n.elementor-widget-text-editor.elementor-drop-cap-view-stacked .elementor-drop-cap{background-color:#69727d;color:#fff}.elementor-widget-text-editor.elementor-drop-cap-view-framed .elementor-drop-cap{color:#69727d;border:3px solid;background-color:transparent}.elementor-widget-text-editor:not(.elementor-drop-cap-view-default) .elementor-drop-cap{margin-top:8px}.elementor-widget-text-editor:not(.elementor-drop-cap-view-default) .elementor-drop-cap-letter{width:1em;height:1em}.elementor-widget-text-editor .elementor-drop-cap{float:left;text-align:center;line-height:1;font-size:50px}.elementor-widget-text-editor .elementor-drop-cap-letter{display:inline-block}<\/style>\t\t\t\t<div class=\"sidebar-texts\">\n<h4 class=\"text active\"><a href=\"#team\">Stafi<\/a><\/h4>\n<h4 class=\"text\"><a href=\"#methodology\">Metodologjia e pun\u00ebs<\/a><\/h4>\n<\/div>\t\t\t\t\t\t<\/div>\n\t\t\t\t<\/div>\n\t\t\t\t\t<\/div>\n\t\t<\/div>\n\t\t\t\t<div class=\"elementor-column elementor-col-50 elementor-top-column elementor-element elementor-element-39b76b1\" data-id=\"39b76b1\" data-element_type=\"column\" data-settings=\"{&quot;background_background&quot;:&quot;classic&quot;}\">\n\t\t\t<div class=\"elementor-widget-wrap elementor-element-populated\">\n\t\t\t\t\t\t\t\t<section class=\"elementor-section elementor-inner-section elementor-element elementor-element-458d42a elementor-section-full_width custom-right-section elementor-section-height-default elementor-section-height-default\" data-id=\"458d42a\" data-element_type=\"section\" id=\"team\" data-settings=\"{&quot;background_background&quot;:&quot;classic&quot;}\">\n\t\t\t\t\t\t<div class=\"elementor-container elementor-column-gap-default\">\n\t\t\t\t\t<div class=\"elementor-column elementor-col-100 elementor-inner-column elementor-element elementor-element-dee9f2c\" data-id=\"dee9f2c\" data-element_type=\"column\" data-settings=\"{&quot;background_background&quot;:&quot;classic&quot;}\">\n\t\t\t<div class=\"elementor-widget-wrap elementor-element-populated\">\n\t\t\t\t\t\t\t\t<div class=\"elementor-element elementor-element-93cca21 remove-margin elementor-widget elementor-widget-heading\" data-id=\"93cca21\" data-element_type=\"widget\" data-widget_type=\"heading.default\">\n\t\t\t\t<div class=\"elementor-widget-container\">\n\t\t\t<style>\/*! elementor - v3.18.0 - 20-12-2023 *\/\n.elementor-heading-title{padding:0;margin:0;line-height:1}.elementor-widget-heading .elementor-heading-title[class*=elementor-size-]>a{color:inherit;font-size:inherit;line-height:inherit}.elementor-widget-heading .elementor-heading-title.elementor-size-small{font-size:15px}.elementor-widget-heading .elementor-heading-title.elementor-size-medium{font-size:19px}.elementor-widget-heading .elementor-heading-title.elementor-size-large{font-size:29px}.elementor-widget-heading .elementor-heading-title.elementor-size-xl{font-size:39px}.elementor-widget-heading .elementor-heading-title.elementor-size-xxl{font-size:59px}<\/style><h2 class=\"elementor-heading-title elementor-size-default\">Stafi<\/h2>\t\t<\/div>\n\t\t\t\t<\/div>\n\t\t\t\t<div class=\"elementor-element elementor-element-89d1c72 elementor-widget elementor-widget-heading\" data-id=\"89d1c72\" data-element_type=\"widget\" data-widget_type=\"heading.default\">\n\t\t\t\t<div class=\"elementor-widget-container\">\n\t\t\t<h2 class=\"elementor-heading-title elementor-size-default\">Q\u00eb prej vitit 2015, KI mb\u00ebshtetet dhe koordinohet nga nj\u00eb Sekretariat teknik q\u00eb p\u00ebrb\u00ebhet nga profesionist\u00eb t\u00eb pavarur t\u00eb p\u00ebrzgjedhur dhe monitoruar n\u00eb aktivitetet e tyre nga BERZH. Mandati i Sekretariatit \u00ebsht\u00eb t\u00eb angazhohet drejtp\u00ebrdrejt me komunitetin e biznesit, t\u00eb mb\u00ebshtes\u00eb diskutimet n\u00eb KI me pun\u00eb k\u00ebrkimore, analitike dhe t\u00eb paanshme dhe t\u00eb monitoroj\u00eb zbatimin e t\u00eb gjitha rekomandimeve t\u00eb miratuara.<\/h2>\t\t<\/div>\n\t\t\t\t<\/div>\n\t\t\t\t\t<\/div>\n\t\t<\/div>\n\t\t\t\t\t\t\t<\/div>\n\t\t<\/section>\n\t\t\t\t<section class=\"elementor-section elementor-inner-section elementor-element elementor-element-c93f629 elementor-section-full_width custom-right-section elementor-section-height-default elementor-section-height-default\" data-id=\"c93f629\" data-element_type=\"section\" data-settings=\"{&quot;background_background&quot;:&quot;classic&quot;}\">\n\t\t\t\t\t\t<div class=\"elementor-container elementor-column-gap-default\">\n\t\t\t\t\t<div class=\"elementor-column elementor-col-100 elementor-inner-column elementor-element elementor-element-72d05b3\" data-id=\"72d05b3\" data-element_type=\"column\" data-settings=\"{&quot;background_background&quot;:&quot;classic&quot;}\">\n\t\t\t<div class=\"elementor-widget-wrap elementor-element-populated\">\n\t\t\t\t\t\t\t\t<section class=\"elementor-section elementor-inner-section elementor-element elementor-element-587d7cf elementor-section-full_width elementor-section-content-top elementor-section-height-default elementor-section-height-default\" data-id=\"587d7cf\" data-element_type=\"section\" data-settings=\"{&quot;background_background&quot;:&quot;classic&quot;}\">\n\t\t\t\t\t\t<div class=\"elementor-container elementor-column-gap-default\">\n\t\t\t\t\t<div class=\"elementor-column elementor-col-50 elementor-inner-column elementor-element elementor-element-7a63f2e\" data-id=\"7a63f2e\" data-element_type=\"column\" data-settings=\"{&quot;background_background&quot;:&quot;classic&quot;}\">\n\t\t\t<div class=\"elementor-widget-wrap elementor-element-populated\">\n\t\t\t\t\t\t\t\t<div class=\"elementor-element elementor-element-def71df fix-img-height elementor-position-top elementor-widget elementor-widget-image-box\" data-id=\"def71df\" data-element_type=\"widget\" data-widget_type=\"image-box.default\">\n\t\t\t\t<div class=\"elementor-widget-container\">\n\t\t\t<style>.elementor-widget-image-box .elementor-image-box-content{width:100%}@media (min-width:768px){.elementor-widget-image-box.elementor-position-left .elementor-image-box-wrapper,.elementor-widget-image-box.elementor-position-right .elementor-image-box-wrapper{display:flex}.elementor-widget-image-box.elementor-position-right .elementor-image-box-wrapper{text-align:right;flex-direction:row-reverse}.elementor-widget-image-box.elementor-position-left .elementor-image-box-wrapper{text-align:left;flex-direction:row}.elementor-widget-image-box.elementor-position-top .elementor-image-box-img{margin:auto}.elementor-widget-image-box.elementor-vertical-align-top .elementor-image-box-wrapper{align-items:flex-start}.elementor-widget-image-box.elementor-vertical-align-middle .elementor-image-box-wrapper{align-items:center}.elementor-widget-image-box.elementor-vertical-align-bottom .elementor-image-box-wrapper{align-items:flex-end}}@media (max-width:767px){.elementor-widget-image-box .elementor-image-box-img{margin-left:auto!important;margin-right:auto!important;margin-bottom:15px}}.elementor-widget-image-box .elementor-image-box-img{display:inline-block}.elementor-widget-image-box .elementor-image-box-title a{color:inherit}.elementor-widget-image-box .elementor-image-box-wrapper{text-align:center}.elementor-widget-image-box .elementor-image-box-description{margin:0}<\/style><div class=\"elementor-image-box-wrapper\"><figure class=\"elementor-image-box-img\"><img fetchpriority=\"high\" decoding=\"async\" width=\"1261\" height=\"1201\" src=\"https:\/\/www.investment.com.al\/wp-content\/uploads\/2024\/09\/DSC_5174-1.jpg\" class=\"attachment-full size-full wp-image-10276\" alt=\"\" srcset=\"https:\/\/www.investment.com.al\/wp-content\/uploads\/2024\/09\/DSC_5174-1.jpg 1261w, https:\/\/www.investment.com.al\/wp-content\/uploads\/2024\/09\/DSC_5174-1-300x286.jpg 300w, https:\/\/www.investment.com.al\/wp-content\/uploads\/2024\/09\/DSC_5174-1-1024x975.jpg 1024w, https:\/\/www.investment.com.al\/wp-content\/uploads\/2024\/09\/DSC_5174-1-768x731.jpg 768w, https:\/\/www.investment.com.al\/wp-content\/uploads\/2024\/09\/DSC_5174-1-350x333.jpg 350w, https:\/\/www.investment.com.al\/wp-content\/uploads\/2024\/09\/DSC_5174-1-370x352.jpg 370w, https:\/\/www.investment.com.al\/wp-content\/uploads\/2024\/09\/DSC_5174-1-255x243.jpg 255w, https:\/\/www.investment.com.al\/wp-content\/uploads\/2024\/09\/DSC_5174-1-285x271.jpg 285w\" sizes=\"(max-width: 1261px) 100vw, 1261px\" \/><\/figure><div class=\"elementor-image-box-content\"><h3 class=\"elementor-image-box-title\">Dr Diana Leka (Angoni)<\/h3><p class=\"elementor-image-box-description\">Drejtore e Sekretariatit<\/p><\/div><\/div>\t\t<\/div>\n\t\t\t\t<\/div>\n\t\t\t\t\t<\/div>\n\t\t<\/div>\n\t\t\t\t<div class=\"elementor-column elementor-col-50 elementor-inner-column elementor-element elementor-element-411ff9c\" data-id=\"411ff9c\" data-element_type=\"column\" data-settings=\"{&quot;background_background&quot;:&quot;classic&quot;}\">\n\t\t\t<div class=\"elementor-widget-wrap elementor-element-populated\">\n\t\t\t\t\t\t\t\t<div class=\"elementor-element elementor-element-1ded270 toogle-text elementor-widget elementor-widget-heading\" data-id=\"1ded270\" data-element_type=\"widget\" data-widget_type=\"heading.default\">\n\t\t\t\t<div class=\"elementor-widget-container\">\n\t\t\t<h2 class=\"elementor-heading-title elementor-size-default\"><div>\nDr. Diana Leka (Angoni) ka m\u00eb shum\u00eb se 20 vite p\u00ebrvoj\u00eb konsekutive n\u00eb menaxhim dhe ofrimin e ekspertiz\u00ebs n\u00eb Shqip\u00ebri me institucione qeveritare n\u00eb nivel qendror dhe lokal si dhe organizata nd\u00ebrkomb\u00ebtare si BE, IFC\/WB, UNDP, GIZ n\u00eb fusha q\u00eb mbulojn\u00eb konkurrueshm\u00ebrin\u00eb e bizneseve, tregtin\u00eb dhe investimet e huaja direkte. \n<br><\/br>\nAjo ka udh\u00ebhequr dhe mb\u00ebshtetur drejtp\u00ebrdrejt\u00eb drejtimin strategjik dhe menaxhimin e programeve q\u00eb p\u00ebrfshinin disa iniciativa t\u00eb r\u00ebnd\u00ebsishme p\u00ebr qeverin\u00eb shqiptare, si t\u00ebrheqja e investimeve t\u00eb huaja direkte dhe strategjin\u00eb p\u00ebrkat\u00ebse t\u00eb synuar t\u00eb qeveris\u00eb, avokimin p\u00ebr konkurrenc\u00ebn e biznesit, mb\u00ebshtetje direkte p\u00ebr SME-t\u00eb dhe eksportet, monitorimin e politikave publike dhe krijimin e funksioneve t\u00eb menaxhimit ekonomik qeveritar (MIS), duke p\u00ebrfshir\u00eb strategjin\u00eb e par\u00eb komb\u00ebtare TIK dhe udh\u00ebrr\u00ebfyesin p\u00ebr Shqip\u00ebrin\u00eb, etj. Znj. Leka \u00ebsht\u00eb auditore e li\u00e7ensuar nga Moody International (2005) dhe Menaxhere Evropiane e li\u00e7ensuar p\u00ebr Sistemet e Manaxhimit t\u00eb Cil\u00ebsis\u00eb nga Instituti Gjerman i Cil\u00ebsis\u00eb. Si konsulente e pavaruar, ajo ka kryer sh\u00ebrbime konsulence n\u00eb ngritjen e sistemeve t\u00eb menaxhimit t\u00eb cil\u00ebsis\u00eb (ISO, HACCP) p\u00ebr kompani t\u00eb ndryshme private dhe publike. Ajo \u00ebsht\u00eb vler\u00ebsuese e pavarur kontraktuar nga Delegacioni i BE n\u00eb Shqip\u00ebri n\u00eb lidhje me vler\u00ebsimin e ofertave p\u00ebr IPA 2007 p\u00ebr mb\u00ebshtetjen e SME-ve p\u00ebr t\u2019u b\u00ebr\u00eb m\u00eb konkurruese n\u00eb tregun evropian. Ajo ka publikuar artikuj t\u00eb ndrysh\u00ebm n\u00eb median e shkruar mbi \u00e7\u00ebshtje q\u00eb kan\u00eb t\u00eb b\u00ebjn\u00eb me klim\u00ebn e investimeve n\u00eb Shqip\u00ebri, sfidat e kompanive shqiptare gjat\u00eb integrimit n\u00eb BE dhe tregjet rajonale, sikurse edhe rreth investimeve n\u00eb Shqip\u00ebri krahasuar me rajonin. Ka qen\u00eb Koordinatore Komb\u00ebtare e Raportit Komb\u00ebtar t\u00eb Investimeve (UNDP\/UNCTAD\/BoA, INSTAT, etj.) p\u00ebr 2010 dhe 2011.\n<br><\/br>\nZnj. Leka ka kryer studimet universitare n\u00eb Deg\u00ebn Ekonomi pran\u00eb Universitetit t\u00eb Tiran\u00ebs, dhe studimet Master n\u00eb Ekonomi dhe Menaxhim Financiar pran\u00eb Universitetit Aix-Marseille Nr. 2, Franc\u00eb, si dhe ka mbrojtur doktoratur\u00ebn me tem\u00eb \u201cSfidat e kompanive shqiptare n\u00eb pro\u00e7esin e integrimit n\u00eb BE\u201d pran\u00eb Universitetit t\u00eb Tiran\u00ebs. Gjithashtu, prej 1998, ajo ka qen\u00eb lektore p\u00ebr Menaxhimin e Operacioneve, Menaxhimin e Cil\u00ebsis\u00eb pran\u00eb universiteteve publike dhe private n\u00eb Shqip\u00ebri.\n<br><\/br>\nPas p\u00ebrvoj\u00ebs s\u00eb saj t\u00eb fundit si K\u00ebshilltare e Ministrit t\u00eb Financave 2013-2014, znj. Leka iu bashkua Sekretariatit t\u00eb K\u00ebshillit t\u00eb Investimeve n\u00eb pozicionin e Drejtores, duke udh\u00ebhequr pun\u00ebn n\u00eb identifikimin e pengesave kryesore p\u00ebr investime n\u00eb sektor\u00eb ky\u00e7 t\u00eb ekonomis\u00eb, duke leht\u00ebsuar pro\u00e7esin e konsultimit me sektorin privat n\u00eb p\u00ebrpunimin e pengesave kryesore dhe prioritizimin e rekomandimeve p\u00ebrkat\u00ebse t\u00eb t\u00eb b\u00ebrit biznesit dhe organizimit t\u00eb pun\u00ebs s\u00eb K\u00ebshillit t\u00eb Investimeve.\n<\/div>\n<span>lexo m\u00eb shum\u00eb...<\/span><\/h2>\t\t<\/div>\n\t\t\t\t<\/div>\n\t\t\t\t\t<\/div>\n\t\t<\/div>\n\t\t\t\t\t\t\t<\/div>\n\t\t<\/section>\n\t\t\t\t<section class=\"elementor-section elementor-inner-section elementor-element elementor-element-3fe4f1c elementor-section-full_width elementor-section-content-top elementor-section-height-default elementor-section-height-default\" data-id=\"3fe4f1c\" data-element_type=\"section\" data-settings=\"{&quot;background_background&quot;:&quot;classic&quot;}\">\n\t\t\t\t\t\t<div class=\"elementor-container elementor-column-gap-default\">\n\t\t\t\t\t<div class=\"elementor-column elementor-col-50 elementor-inner-column elementor-element elementor-element-509d783\" data-id=\"509d783\" data-element_type=\"column\" data-settings=\"{&quot;background_background&quot;:&quot;classic&quot;}\">\n\t\t\t<div class=\"elementor-widget-wrap elementor-element-populated\">\n\t\t\t\t\t\t\t\t<div class=\"elementor-element elementor-element-49f6bc4 fix-img-height elementor-position-top elementor-widget elementor-widget-image-box\" data-id=\"49f6bc4\" data-element_type=\"widget\" data-widget_type=\"image-box.default\">\n\t\t\t\t<div class=\"elementor-widget-container\">\n\t\t\t<div class=\"elementor-image-box-wrapper\"><figure class=\"elementor-image-box-img\"><img decoding=\"async\" width=\"235\" height=\"214\" src=\"https:\/\/www.investment.com.al\/wp-content\/uploads\/2023\/02\/Elvis-Zerva-compresed.jpg\" class=\"attachment-swp-portfolio-general size-swp-portfolio-general wp-image-8097\" alt=\"\" \/><\/figure><div class=\"elementor-image-box-content\"><h3 class=\"elementor-image-box-title\">Elvis Zerva <\/h3><p class=\"elementor-image-box-description\">Ekspert Ligjor dhe Rregullator<\/p><\/div><\/div>\t\t<\/div>\n\t\t\t\t<\/div>\n\t\t\t\t\t<\/div>\n\t\t<\/div>\n\t\t\t\t<div class=\"elementor-column elementor-col-50 elementor-inner-column elementor-element elementor-element-2499327\" data-id=\"2499327\" data-element_type=\"column\" data-settings=\"{&quot;background_background&quot;:&quot;classic&quot;}\">\n\t\t\t<div class=\"elementor-widget-wrap elementor-element-populated\">\n\t\t\t\t\t\t\t\t<div class=\"elementor-element elementor-element-57a8047 toogle-text elementor-widget elementor-widget-heading\" data-id=\"57a8047\" data-element_type=\"widget\" data-widget_type=\"heading.default\">\n\t\t\t\t<div class=\"elementor-widget-container\">\n\t\t\t<h2 class=\"elementor-heading-title elementor-size-default\"><div>Z.  Elvis Zerva (Ll.M, EMBA) \u00ebsht\u00eb nj\u00eb profesionist me p\u00ebrvoj\u00eb n\u00eb t\u00eb drejt\u00ebn e biznesit dhe investimeve, politikat dhe studimet n\u00eb t\u00eb drejt\u00ebn publike.\n<br><\/br>\nZ.  Zerva iu bashkua Sekretariatit n\u00eb vitin 2015 dhe \u00ebsht\u00eb p\u00ebrgjegj\u00ebs p\u00ebr identifikimin e aspekteve ligjore dhe institucionale q\u00eb pengojn\u00eb zhvillimin e sektorit privat dhe publik n\u00eb kuad\u00ebr t\u00eb klim\u00ebs s\u00eb investimeve n\u00eb Shqip\u00ebri. Puna e tij konsiston n\u00eb p\u00ebrgatitjen e analizave t\u00eb detajuara dhe rekomandimeve p\u00ebr ndryshime ligjore dhe rregullatore me q\u00ebllim p\u00ebrmir\u00ebsimin e klim\u00ebs s\u00eb biznesit n\u00eb vend.\n<br><\/br>\nZ.  Zerva ka nj\u00eb Diplom\u00eb Bachelor n\u00eb Drejt\u00ebsi dhe Master LL.M n\u00eb t\u00eb Drejt\u00ebn Kushtetuese, t\u00eb Krahasuar dhe Evropiane nga Universiteti i Tiran\u00ebs dhe nj\u00eb EMBA nga Quantic School of Business and Technology-Washington. Ai ka p\u00ebrfunduar studime ekzekutive me YALE School of Management dhe London School of Economics & Political Science dhe zot\u00ebron disa kualifikime nga institucione komb\u00ebtare dhe nd\u00ebrkomb\u00ebtare n\u00eb Justice, American Government: Constitutional Foundations, Programet t\u00eb P\u00ebrputhshm\u00ebris\u00eb dhe Konfliktit t\u00eb Interesave.<br><br>\nZ.  Zerva \u00ebsht\u00eb an\u00ebtar i Dhom\u00ebs Komb\u00ebtare t\u00eb Avokatis\u00eb q\u00eb nga viti 2008. Prej vitit 2021, Z.  Zerva \u00ebsht\u00eb Asistent Raportues p\u00ebr Institutin CELIS Berlin.Eksperiencat e m\u00ebparshme t\u00eb pun\u00ebs, p\u00ebrfshijn\u00eb angazhim me kompani nd\u00ebrkomb\u00ebtare n\u00eb sektorin privat, n\u00eb fush\u00ebn bankare dhe t\u00eb komunikimeve elektronike.<\/div>\n<span>lexo m\u00eb shum\u00eb...<\/span><\/h2>\t\t<\/div>\n\t\t\t\t<\/div>\n\t\t\t\t\t<\/div>\n\t\t<\/div>\n\t\t\t\t\t\t\t<\/div>\n\t\t<\/section>\n\t\t\t\t<section class=\"elementor-section elementor-inner-section elementor-element elementor-element-b88c22a elementor-section-full_width elementor-section-content-top elementor-section-height-default elementor-section-height-default\" data-id=\"b88c22a\" data-element_type=\"section\" data-settings=\"{&quot;background_background&quot;:&quot;classic&quot;}\">\n\t\t\t\t\t\t<div class=\"elementor-container elementor-column-gap-default\">\n\t\t\t\t\t<div class=\"elementor-column elementor-col-50 elementor-inner-column elementor-element elementor-element-4a8fd49\" data-id=\"4a8fd49\" data-element_type=\"column\" data-settings=\"{&quot;background_background&quot;:&quot;classic&quot;}\">\n\t\t\t<div class=\"elementor-widget-wrap elementor-element-populated\">\n\t\t\t\t\t\t\t\t<div class=\"elementor-element elementor-element-b1fb988 fix-img-height elementor-position-top elementor-widget elementor-widget-image-box\" data-id=\"b1fb988\" data-element_type=\"widget\" data-widget_type=\"image-box.default\">\n\t\t\t\t<div class=\"elementor-widget-container\">\n\t\t\t<div class=\"elementor-image-box-wrapper\"><figure class=\"elementor-image-box-img\"><img decoding=\"async\" width=\"235\" height=\"214\" src=\"https:\/\/www.investment.com.al\/wp-content\/uploads\/2023\/03\/Elida-Fara.jpg\" class=\"attachment-swp-portfolio-general size-swp-portfolio-general wp-image-8407\" alt=\"\" \/><\/figure><div class=\"elementor-image-box-content\"><h3 class=\"elementor-image-box-title\">Elida Fara <\/h3><p class=\"elementor-image-box-description\">Eksperte Ekonomie<\/p><\/div><\/div>\t\t<\/div>\n\t\t\t\t<\/div>\n\t\t\t\t\t<\/div>\n\t\t<\/div>\n\t\t\t\t<div class=\"elementor-column elementor-col-50 elementor-inner-column elementor-element elementor-element-369d6b9\" data-id=\"369d6b9\" data-element_type=\"column\" data-settings=\"{&quot;background_background&quot;:&quot;classic&quot;}\">\n\t\t\t<div class=\"elementor-widget-wrap elementor-element-populated\">\n\t\t\t\t\t\t\t\t<div class=\"elementor-element elementor-element-eec2f8d toogle-text elementor-widget elementor-widget-heading\" data-id=\"eec2f8d\" data-element_type=\"widget\" data-widget_type=\"heading.default\">\n\t\t\t\t<div class=\"elementor-widget-container\">\n\t\t\t<h2 class=\"elementor-heading-title elementor-size-default\"><div>Znj. Elida Fara iu bashkua Sekretariatit n\u00eb vitin 2019. Ajo ka kryer studimet universitare n\u00eb deg\u00ebn Financ\u00eb dhe studimet Master n\u00eb Menaxhim dhe Financ\u00eb dhe ka 15 vjet eksperienc\u00eb pune n\u00eb Menaxhimin e Financave Publike, Planifikimin Strategjik, Menaxhimin e t\u00eb ardhurave dhe Menaxhimin e Projekteve.\n<br><\/br>\nZnj. Fara ka punuar rreth 13 vjet p\u00ebr Ministrin\u00eb e Financave t\u00eb Shqip\u00ebris\u00eb e p\u00ebrfshir\u00eb n\u00eb hartimin e politikave, duke mbuluar aspekte t\u00eb ndryshme t\u00eb financave publike, nga politikat e taksave n\u00eb hartim t\u00eb dokumenteve strategjike t\u00eb politikave dhe tjera lidhur me fush\u00ebn e financave publike, administrat\u00ebn dhe bashk\u00ebpunimin nd\u00ebrkomb\u00ebtar. Gjat\u00eb 2 viteve t\u00eb fundit ajo ka punuar p\u00ebr Programin e Zhvillimit t\u00eb Kombeve t\u00eb Bashkuara si Eksperte e Financave Publike e p\u00ebrfshir\u00eb n\u00eb zhvillimin e Nj\u00ebsive t\u00eb Vet\u00ebqeverisjes Vendore n\u00eb fush\u00ebn e administrimit fiskal, Menaxhimin e Aseteve dhe Auditimin e Jasht\u00ebm.\n<br><\/br>\nZnj. Fara \u00ebsht\u00eb p\u00ebrgjegj\u00ebse p\u00ebr shqyrtimin dhe identifikimin e implikimeve ekonomike t\u00eb kuadrit aktual ligjor dhe institucional mbi biznesin me fokus t\u00eb ve\u00e7ant\u00eb n\u00eb shqet\u00ebsimet e sektorit privat, duke ofruar analiza t\u00eb detajuara dhe rekomandime praktike p\u00ebr p\u00ebrmir\u00ebsimin e klim\u00ebs s\u00eb biznesit dhe t\u00eb investimeve n\u00eb p\u00ebrgjith\u00ebsi n\u00eb Shqip\u00ebri.\n<br><\/br>\nAjo ka marr\u00eb pjes\u00eb n\u00eb trajnime t\u00eb ndryshme teknike nga institucionet komb\u00ebtare dhe nd\u00ebrkomb\u00ebtare n\u00eb fush\u00ebn e makroekonomis\u00eb, politik\u00ebs fiskale dhe programimit, Menaxhimit t\u00eb Financave Publike, statistikat financiare t\u00eb qeveris\u00eb etj.<\/div>\n<span>lexo m\u00eb shum\u00eb...<\/span><\/h2>\t\t<\/div>\n\t\t\t\t<\/div>\n\t\t\t\t\t<\/div>\n\t\t<\/div>\n\t\t\t\t\t\t\t<\/div>\n\t\t<\/section>\n\t\t\t\t<section class=\"elementor-section elementor-inner-section elementor-element elementor-element-590b58f elementor-section-full_width elementor-section-content-top elementor-section-height-default elementor-section-height-default\" data-id=\"590b58f\" data-element_type=\"section\" data-settings=\"{&quot;background_background&quot;:&quot;classic&quot;}\">\n\t\t\t\t\t\t<div class=\"elementor-container elementor-column-gap-default\">\n\t\t\t\t\t<div class=\"elementor-column elementor-col-50 elementor-inner-column elementor-element elementor-element-678839e\" data-id=\"678839e\" data-element_type=\"column\" data-settings=\"{&quot;background_background&quot;:&quot;classic&quot;}\">\n\t\t\t<div class=\"elementor-widget-wrap elementor-element-populated\">\n\t\t\t\t\t\t\t\t<div class=\"elementor-element elementor-element-8275777 fix-img-height elementor-position-top elementor-widget elementor-widget-image-box\" data-id=\"8275777\" data-element_type=\"widget\" data-widget_type=\"image-box.default\">\n\t\t\t\t<div class=\"elementor-widget-container\">\n\t\t\t<div class=\"elementor-image-box-wrapper\"><figure class=\"elementor-image-box-img\"><img loading=\"lazy\" decoding=\"async\" width=\"235\" height=\"180\" src=\"https:\/\/www.investment.com.al\/wp-content\/uploads\/2023\/02\/Xaira-Shurdha-compresed.jpg\" class=\"attachment-swp-portfolio-general size-swp-portfolio-general wp-image-8099\" alt=\"\" \/><\/figure><div class=\"elementor-image-box-content\"><h3 class=\"elementor-image-box-title\">Xaira Shurdha <\/h3><p class=\"elementor-image-box-description\">Eksperte p\u00ebr Monitorimin dhe Bashk\u00ebpunimin<\/p><\/div><\/div>\t\t<\/div>\n\t\t\t\t<\/div>\n\t\t\t\t\t<\/div>\n\t\t<\/div>\n\t\t\t\t<div class=\"elementor-column elementor-col-50 elementor-inner-column elementor-element elementor-element-4ee05b5\" data-id=\"4ee05b5\" data-element_type=\"column\" data-settings=\"{&quot;background_background&quot;:&quot;classic&quot;}\">\n\t\t\t<div class=\"elementor-widget-wrap elementor-element-populated\">\n\t\t\t\t\t\t\t\t<div class=\"elementor-element elementor-element-8950f28 toogle-text elementor-widget elementor-widget-heading\" data-id=\"8950f28\" data-element_type=\"widget\" data-widget_type=\"heading.default\">\n\t\t\t\t<div class=\"elementor-widget-container\">\n\t\t\t<h2 class=\"elementor-heading-title elementor-size-default\"><div>Znj. Xaira Shurdha iu bashkua Sekretariati t\u00eb K\u00ebshillit t\u00eb investimeve n\u00eb vitin 2019. P\u00ebrvoja e saj profesionale \u00ebsht\u00eb formuar kryesisht n\u00eb sistemin financiar dhe bankar ku ka punuar p\u00ebr 17 vite, duke qen\u00eb p\u00ebrgjegj\u00ebse p\u00ebr analiz\u00ebn e biznesit, planifikimin strategjik, duke mb\u00ebshtetur rritjen e klient\u00ebve t\u00eb biznesit, projektimin e p\u00ebrfitueshm\u00ebris\u00eb t\u00eb institucioneve q\u00eb ka drejtuar, raportimin statistikor, raportimin e informacionit tek Bordi Ekzekutiv Menaxhues, konsultimin financiar p\u00ebr klient\u00ebt e biznesit dhe klient\u00ebt privat\u00eb, menaxhimi i riskut etj.\n<br><\/br>\nN\u00eb vitin 2015, ajo themeloi nj\u00eb OJQ t\u00eb orientuar drejt zhvillimit, me synim zhvillimin ekonomik dhe social t\u00eb zonave rurale ve\u00e7an\u00ebrisht n\u00eb Shqip\u00ebrin\u00eb e Veriut. N\u00ebn k\u00ebt\u00eb pozicion, ajo nd\u00ebrtoi vizionin, qasjen e p\u00ebrgjithshme strategjike, menaxhimin  n\u00eb t\u00eb gjith\u00eb komponent\u00ebt e projekteve, rrjet\u00ebzimin, shkrimin e propozimeve, gjetjen e fondeve, buxhetimin dhe raportimin, zbatimin e projektit, sh\u00ebrbimet e konsulenc\u00ebs, ngritjen e kapaciteteve dhe sh\u00ebrbimet e trajnimit.\n<br><\/br>\nN\u00eb vitin 2017, Znj.Shurdha u pozicionua n\u00eb sektorin e qeverisjes qendrore si Drejtor i Kabinetit t\u00eb Z\u00ebvend\u00ebs Kryeministrit. Ajo ka koordinuar dy reforma nd\u00ebrministrore prioritare n\u00eb Shqip\u00ebri \u201cReformimi i Sh\u00ebrbimeve Publike\u201d dhe \u201cReforma e Deregulimit \u2013 thjeshtimi i licencave, lejeve dhe autorizimit n\u00eb Republik\u00ebn e Shqip\u00ebris\u00eb\u201d. K\u00ebto reforma u mb\u00ebshtet\u00ebn gjer\u00ebsisht nga shum\u00eb partner\u00eb p\u00ebrmes projekteve t\u00eb ndryshme dhe ajo kishte rolin koordinues me k\u00ebta donator\u00eb.\n<br><\/br>\nZnj. Shurdha ishte Drejtore e Bordit t\u00eb Agjencis\u00eb p\u00ebr Ofrimin e Sh\u00ebrbimeve t\u00eb Integruara n\u00eb Shqip\u00ebri (ADISA), p\u00ebr nj\u00eb periudhe 1 vjecare. Ajo udh\u00ebhoqi grupin q\u00eb punonte p\u00ebr zgjerimin e rrjetit t\u00eb ADISA n\u00eb t\u00eb gjith\u00eb Shqip\u00ebrin\u00eb, optimizimin e struktur\u00ebs s\u00eb stafit t\u00eb agjencive dhe menaxhimin e burimeve njer\u00ebzore, buxhetimin dhe raportimin, vler\u00ebsimin dhe parashikimin e kostove dhe proceseve.\n<br><\/br>\nP\u00ebrve\u00e7 diplom\u00ebs n\u00eb Administrim Biznesi, ajo ka ndjekur studimet ekzekutive n\u00eb Financ\u00eb-Bank\u00eb n\u00eb Frankfurt, Gjermani. Duke qen\u00eb shum\u00eb e prirur t\u00eb ndaj\u00eb njohurit\u00eb e saj me gjeneratat e reja, ajo \u00ebsht\u00eb angazhuar p\u00ebr nj\u00eb periudh\u00eb 4 vje\u00e7are si Pedagog i jasht\u00ebm n\u00eb Universitetin e Shkodr\u00ebs mbi temat \u201cKomunikim Biznesi\u201d dhe \u201cBazat e Menaxhimit\u201d.<\/div>\n<span>lexo m\u00eb shum\u00eb...<\/span><\/h2>\t\t<\/div>\n\t\t\t\t<\/div>\n\t\t\t\t\t<\/div>\n\t\t<\/div>\n\t\t\t\t\t\t\t<\/div>\n\t\t<\/section>\n\t\t\t\t<section class=\"elementor-section elementor-inner-section elementor-element elementor-element-d0ba494 elementor-section-full_width elementor-section-content-top elementor-section-height-default elementor-section-height-default\" data-id=\"d0ba494\" data-element_type=\"section\" data-settings=\"{&quot;background_background&quot;:&quot;classic&quot;}\">\n\t\t\t\t\t\t<div class=\"elementor-container elementor-column-gap-default\">\n\t\t\t\t\t<div class=\"elementor-column elementor-col-50 elementor-inner-column elementor-element elementor-element-a8358b0\" data-id=\"a8358b0\" data-element_type=\"column\" data-settings=\"{&quot;background_background&quot;:&quot;classic&quot;}\">\n\t\t\t<div class=\"elementor-widget-wrap elementor-element-populated\">\n\t\t\t\t\t\t\t\t<div class=\"elementor-element elementor-element-82ea11f fix-img-height elementor-position-top elementor-widget elementor-widget-image-box\" data-id=\"82ea11f\" data-element_type=\"widget\" data-widget_type=\"image-box.default\">\n\t\t\t\t<div class=\"elementor-widget-container\">\n\t\t\t<div class=\"elementor-image-box-wrapper\"><figure class=\"elementor-image-box-img\"><img loading=\"lazy\" decoding=\"async\" width=\"235\" height=\"204\" src=\"https:\/\/www.investment.com.al\/wp-content\/uploads\/2023\/02\/Elisa-L-compresed.jpg\" class=\"attachment-swp-portfolio-general size-swp-portfolio-general wp-image-8101\" alt=\"\" \/><\/figure><div class=\"elementor-image-box-content\"><h3 class=\"elementor-image-box-title\">Elisa Lula<\/h3><p class=\"elementor-image-box-description\">Oficere Administrative dhe Komunikimi<\/p><\/div><\/div>\t\t<\/div>\n\t\t\t\t<\/div>\n\t\t\t\t\t<\/div>\n\t\t<\/div>\n\t\t\t\t<div class=\"elementor-column elementor-col-50 elementor-inner-column elementor-element elementor-element-7a4ed8a\" data-id=\"7a4ed8a\" data-element_type=\"column\" data-settings=\"{&quot;background_background&quot;:&quot;classic&quot;}\">\n\t\t\t<div class=\"elementor-widget-wrap elementor-element-populated\">\n\t\t\t\t\t\t\t\t<div class=\"elementor-element elementor-element-ba18d08 toogle-text elementor-widget elementor-widget-heading\" data-id=\"ba18d08\" data-element_type=\"widget\" data-widget_type=\"heading.default\">\n\t\t\t\t<div class=\"elementor-widget-container\">\n\t\t\t<h2 class=\"elementor-heading-title elementor-size-default\">Znj. Elisa Lula iu bashkua Sekretariatit n\u00eb vitin 2015 pas nj\u00eb p\u00ebrvoj\u00eb gjasht\u00ebvje\u00e7are <br>(2003 \u2013 2009) n\u00eb sektorin privat dhe nj\u00eb p\u00ebrvoj\u00eb pes\u00ebvje\u00e7are (2009 \u2013 2014) n\u00eb administrimin e projekteve nd\u00ebrkomb\u00ebtare (EU-IPA, GIZ) t\u00eb fokusuara n\u00eb inovacion dhe konkurreshm\u00ebrin\u00eb e SME-ve. Ajo ka kryer studimet universitare pran\u00eb Fakultetit t\u00eb Gjuh\u00ebve t\u00eb Huaja t\u00eb Universitetit t\u00eb Tiran\u00ebs (2003) me profilin p\u00ebrkthyes i gjuh\u00ebs angleze si dhe studimet master n\u00eb menaxhim biznesi (MBA) me fokus \u201cSip\u00ebrmarrje\u201d pran\u00eb Regent University, SHBA (2015).<\/h2>\t\t<\/div>\n\t\t\t\t<\/div>\n\t\t\t\t\t<\/div>\n\t\t<\/div>\n\t\t\t\t\t\t\t<\/div>\n\t\t<\/section>\n\t\t\t\t<section class=\"elementor-section elementor-inner-section elementor-element elementor-element-5ed4b2d elementor-section-full_width elementor-section-content-top elementor-section-height-default elementor-section-height-default\" data-id=\"5ed4b2d\" data-element_type=\"section\" data-settings=\"{&quot;background_background&quot;:&quot;classic&quot;}\">\n\t\t\t\t\t\t<div class=\"elementor-container elementor-column-gap-default\">\n\t\t\t\t\t<div class=\"elementor-column elementor-col-100 elementor-inner-column elementor-element elementor-element-5cf3ba5\" data-id=\"5cf3ba5\" data-element_type=\"column\" data-settings=\"{&quot;background_background&quot;:&quot;classic&quot;}\">\n\t\t\t<div class=\"elementor-widget-wrap elementor-element-populated\">\n\t\t\t\t\t\t\t\t<div class=\"elementor-element elementor-element-ffdf380 accordian-01 elementor-widget elementor-widget-accordion\" data-id=\"ffdf380\" data-element_type=\"widget\" data-widget_type=\"accordion.default\">\n\t\t\t\t<div class=\"elementor-widget-container\">\n\t\t\t<style>.elementor-accordion{text-align:left}.elementor-accordion .elementor-accordion-item{border:1px solid #d5d8dc}.elementor-accordion .elementor-accordion-item+.elementor-accordion-item{border-top:none}.elementor-accordion .elementor-tab-title{margin:0;padding:15px 20px;font-weight:700;line-height:1;cursor:pointer;outline:none}.elementor-accordion .elementor-tab-title .elementor-accordion-icon{display:inline-block;width:1.5em}.elementor-accordion .elementor-tab-title .elementor-accordion-icon svg{width:1em;height:1em}.elementor-accordion .elementor-tab-title .elementor-accordion-icon.elementor-accordion-icon-right{float:right;text-align:right}.elementor-accordion .elementor-tab-title .elementor-accordion-icon.elementor-accordion-icon-left{float:left;text-align:left}.elementor-accordion .elementor-tab-title .elementor-accordion-icon .elementor-accordion-icon-closed{display:block}.elementor-accordion .elementor-tab-title .elementor-accordion-icon .elementor-accordion-icon-opened,.elementor-accordion .elementor-tab-title.elementor-active .elementor-accordion-icon-closed{display:none}.elementor-accordion .elementor-tab-title.elementor-active .elementor-accordion-icon-opened{display:block}.elementor-accordion .elementor-tab-content{display:none;padding:15px 20px;border-top:1px solid #d5d8dc}@media (max-width:767px){.elementor-accordion .elementor-tab-title{padding:12px 15px}.elementor-accordion .elementor-tab-title .elementor-accordion-icon{width:1.2em}.elementor-accordion .elementor-tab-content{padding:7px 15px}}.e-con-inner>.elementor-widget-accordion,.e-con>.elementor-widget-accordion{width:var(--container-widget-width);--flex-grow:var(--container-widget-flex-grow)}<\/style>\t\t<div class=\"elementor-accordion\">\n\t\t\t\t\t\t\t<div class=\"elementor-accordion-item\">\n\t\t\t\t\t<div id=\"elementor-tab-title-2681\" class=\"elementor-tab-title\" data-tab=\"1\" role=\"button\" aria-controls=\"elementor-tab-content-2681\" aria-expanded=\"false\">\n\t\t\t\t\t\t\t\t\t\t\t\t\t<span class=\"elementor-accordion-icon elementor-accordion-icon-right\" aria-hidden=\"true\">\n\t\t\t\t\t\t\t\t\t\t\t\t\t\t\t<span class=\"elementor-accordion-icon-closed\"><i class=\"fas fa-plus\"><\/i><\/span>\n\t\t\t\t\t\t\t\t<span class=\"elementor-accordion-icon-opened\"><i class=\"fas fa-minus\"><\/i><\/span>\n\t\t\t\t\t\t\t\t\t\t\t\t\t\t<\/span>\n\t\t\t\t\t\t\t\t\t\t\t\t<a class=\"elementor-accordion-title\" tabindex=\"0\">This item will be everytime empty<\/a>\n\t\t\t\t\t<\/div>\n\t\t\t\t\t<div id=\"elementor-tab-content-2681\" class=\"elementor-tab-content elementor-clearfix\" data-tab=\"1\" role=\"region\" aria-labelledby=\"elementor-tab-title-2681\"><p>css<\/p><\/div>\n\t\t\t\t<\/div>\n\t\t\t\t\t\t\t<div class=\"elementor-accordion-item\">\n\t\t\t\t\t<div id=\"elementor-tab-title-2682\" class=\"elementor-tab-title\" data-tab=\"2\" role=\"button\" aria-controls=\"elementor-tab-content-2682\" aria-expanded=\"false\">\n\t\t\t\t\t\t\t\t\t\t\t\t\t<span class=\"elementor-accordion-icon elementor-accordion-icon-right\" aria-hidden=\"true\">\n\t\t\t\t\t\t\t\t\t\t\t\t\t\t\t<span class=\"elementor-accordion-icon-closed\"><i class=\"fas fa-plus\"><\/i><\/span>\n\t\t\t\t\t\t\t\t<span class=\"elementor-accordion-icon-opened\"><i class=\"fas fa-minus\"><\/i><\/span>\n\t\t\t\t\t\t\t\t\t\t\t\t\t\t<\/span>\n\t\t\t\t\t\t\t\t\t\t\t\t<a class=\"elementor-accordion-title\" tabindex=\"0\">Konsulent\u00eb t\u00eb M\u00ebparsh\u00ebm<\/a>\n\t\t\t\t\t<\/div>\n\t\t\t\t\t<div id=\"elementor-tab-content-2682\" class=\"elementor-tab-content elementor-clearfix\" data-tab=\"2\" role=\"region\" aria-labelledby=\"elementor-tab-title-2682\"><div class=\"inside-accordion\">\n<h4 class=\"title\">Mimoza Agolli<\/h4>\n<h6 class=\"content-desc\">Eksperte Ekonomie (me koh\u00eb t\u00eb pjesshme), Korrik 2018 \u2013 Dhjetor 2018<\/h6>\n\n<p class=\"content-text\">\nZnj. Mimoza Agolli i \u00ebsht\u00eb bashkuar Sekretariatit t\u00eb K\u00ebshillit t\u00eb Investimeve n\u00eb pozicionin afatshkurt\u00ebr t\u00eb Ekspertit Ekonomik. Ajo ka nj\u00eb p\u00ebrvoj\u00eb t\u00eb gjat\u00eb si konsulente\/hulumtuese p\u00ebr \u00e7\u00ebshtje ekonomike, me fokus ndikimin e politikave publike n\u00eb mir\u00ebqenien dhe shp\u00ebrndarjen, si dhe n\u00eb politikat fiskale, arsimim dhe pun\u00ebsimim. Ajo \u00ebsht\u00eb nj\u00eb njoh\u00ebse e shk\u00eblqyer e statistikave komb\u00ebtare dhe zot\u00ebron ekspertiz\u00eb n\u00eb p\u00ebrdorimin e mjeteve kuantitative, atyre ekonometrike dhe kompjuterike, p\u00ebr hulumtim dhe analizim t\u00eb politikave. \n<br><\/br>\nAjo ka ofruar ekspertiz\u00ebn e saj n\u00eb sektorin publik, institucione bankare private, OJQ dhe organizata nd\u00ebrkomb\u00ebtare n\u00eb detyra t\u00eb shumta. Znj. Mimoza Agolli \u00ebsht\u00eb diplomuar p\u00ebr Ekonomi dhe Financa, me profil t\u00eb dyt\u00eb Menaxhim t\u00eb Turizmit n\u00eb Universitetin \u201cF. S. Noli\u201d Kor\u00e7\u00eb. Ajo ka ndjekur studimet pasuniversitare n\u00eb Shkencat e Ekonomis\u00eb s\u00eb Aplikuar dhe Menaxhimit, n\u00eb Greqi n\u00eb Institutin Mesdhetar Agronomik t\u00eb Chania (MAICH \/ CHIEAM). Gjat\u00eb periudh\u00ebs s\u00eb saj t\u00eb angazhimit pran\u00eb Sekretariatit, znj. Agolli ka qen\u00eb gjithashtu e angazhuar n\u00eb p\u00ebrfundimin e pun\u00ebs s\u00eb saj k\u00ebrkimore si pjes\u00eb e studimeve PhD n\u00eb Ekonomi Quantitative, Fakulteti i Ekonomis\u00eb (CAU, Gjermani).\n<\/p>\n\n<\/div>\n<div class=\"inside-accordion\">\n<h4 class=\"title\">Ermelinda Xhaja<\/h4>\n<h6 class=\"content-desc\">Eksperte Ekonomie (me koh\u00eb t\u00eb plot\u00eb), Korrik 2015 \u2013 Dhjetor 2017<\/h6>\n<p class=\"content-text\">\nZnj. Ermelinda Xhaja iu bashkua Sekretariatit pas nj\u00eb p\u00ebrvoje shtat\u00eb vje\u00e7are n\u00eb Prezenc\u00ebn e OSBE-s\u00eb n\u00eb Shqip\u00ebri, si K\u00ebshilltare p\u00ebr Ekonomin\u00eb dhe Antikorrupsionin. Ajo ka nj\u00eb p\u00ebrvoj\u00eb t\u00eb m\u00ebparshme gjasht\u00eb vje\u00e7are pran\u00eb Ministris\u00eb s\u00eb Ekonomis\u00eb n\u00eb programimin strategjik dhe koordinimin e donator\u00ebve. Gjithashtu, Znj. Xhaja ka nj\u00eb p\u00ebrvoj\u00eb akademike si pedagoge n\u00eb kurse t\u00eb ndryshme ekonomike n\u00eb Universitetin e Tiran\u00ebs dhe Vlor\u00ebs. Ajo \u00ebsht\u00eb diplomuar n\u00eb Menaxhim Biznesi dhe zot\u00ebron nj\u00eb diplom\u00eb Master n\u00eb Ekonomi nga Universiteti i Tiran\u00ebs. Nj\u00ebkoh\u00ebsisht, gjat\u00eb periudh\u00ebs s\u00eb saj t\u00eb angazhimit pran\u00eb Sekretariatit, ajo ndiqte doktoratur\u00ebn pran\u00eb Fakultetit t\u00eb Ekonomis\u00eb n\u00eb Universitetit e Tiran\u00ebs.\n<br><\/br>\nSi Eksperte Ekonomike n\u00eb Sekretariat, Znj. Xhaja ka qen\u00eb p\u00ebrgjegj\u00ebse p\u00ebr shqyrtimin dhe identifikimin e implikimeve ekonomike t\u00eb kuadrit aktual ligjor dhe institucional mbi biznesin me fokus t\u00eb ve\u00e7ant\u00eb n\u00eb shqet\u00ebsimet e sektorit privat, duke ofruar analiza t\u00eb detajuara dhe rekomandime praktike p\u00ebr p\u00ebrmir\u00ebsimin e klim\u00ebs s\u00eb biznesit dhe t\u00eb investimeve n\u00eb p\u00ebrgjith\u00ebsi n\u00eb Shqip\u00ebri.\n<\/p>\n\n<\/div><\/div>\n\t\t\t\t<\/div>\n\t\t\t\t\t\t\t\t<\/div>\n\t\t\t\t<\/div>\n\t\t\t\t<\/div>\n\t\t\t\t<div class=\"elementor-element elementor-element-b2c4c76 elementor-hidden-desktop elementor-hidden-laptop elementor-hidden-tablet_extra elementor-hidden-tablet elementor-hidden-mobile_extra elementor-hidden-mobile elementor-widget elementor-widget-accordion\" data-id=\"b2c4c76\" data-element_type=\"widget\" data-widget_type=\"accordion.default\">\n\t\t\t\t<div class=\"elementor-widget-container\">\n\t\t\t\t\t<div class=\"elementor-accordion\">\n\t\t\t\t\t\t\t<div class=\"elementor-accordion-item\">\n\t\t\t\t\t<div id=\"elementor-tab-title-1871\" class=\"elementor-tab-title\" data-tab=\"1\" role=\"button\" aria-controls=\"elementor-tab-content-1871\" aria-expanded=\"false\">\n\t\t\t\t\t\t\t\t\t\t\t\t\t<span class=\"elementor-accordion-icon elementor-accordion-icon-right\" aria-hidden=\"true\">\n\t\t\t\t\t\t\t\t\t\t\t\t\t\t\t<span class=\"elementor-accordion-icon-closed\"><i class=\"fas fa-plus\"><\/i><\/span>\n\t\t\t\t\t\t\t\t<span class=\"elementor-accordion-icon-opened\"><i class=\"fas fa-minus\"><\/i><\/span>\n\t\t\t\t\t\t\t\t\t\t\t\t\t\t<\/span>\n\t\t\t\t\t\t\t\t\t\t\t\t<a class=\"elementor-accordion-title\" tabindex=\"0\">2022<\/a>\n\t\t\t\t\t<\/div>\n\t\t\t\t\t<div id=\"elementor-tab-content-1871\" class=\"elementor-tab-content elementor-clearfix\" data-tab=\"1\" role=\"region\" aria-labelledby=\"elementor-tab-title-1871\"><ul class=\"display-posts-listing\"><li class=\"listing-item\"><a class=\"title\" href=\"https:\/\/www.investment.com.al\/sq\/keshilli-investimeve-mbi-disponueshmerine-dhe-cilesine-e-fuqise-punetore\/\">K\u00ebshilli Investimeve mbi disponueshm\u00ebrin\u00eb dhe cil\u00ebsin\u00eb e fuqis\u00eb pun\u00ebtore<\/a><\/li><li class=\"listing-item\"><a class=\"title\" href=\"https:\/\/www.investment.com.al\/sq\/permiresimi-i-klimes-se-biznesit-dialog-me-shoqatat-e-biznesit-dhe-dhomat-e-tregtise\/\">P\u00ebrmir\u00ebsimi i klim\u00ebs s\u00eb biznesit &#8211; Dialog me shoqatat e biznesit dhe dhomat e tregtis\u00eb<\/a><\/li><li class=\"listing-item\"><a class=\"title\" href=\"https:\/\/www.investment.com.al\/sq\/memorandum-mirekuptimi-midis-keshillit-te-investimeve-dhe-fakultetit-ekonomik-te-universitetit-te-tiranes\/\">Memorandum Mir\u00ebkuptimi midis K\u00ebshillit t\u00eb Investimeve dhe Fakultetit Ekonomik t\u00eb Universitetit t\u00eb Tiran\u00ebs<\/a><\/li><li class=\"listing-item\"><a class=\"title\" href=\"https:\/\/www.investment.com.al\/sq\/keshilli-investimeve-me-rekomandime-per-permiresimin-e-procesit-te-konsultimit-publik\/\">K\u00ebshilli Investimeve me rekomandime p\u00ebr p\u00ebrmir\u00ebsimin e procesit t\u00eb konsultimit publik<\/a><\/li><li class=\"listing-item\"><a class=\"title\" href=\"https:\/\/www.investment.com.al\/sq\/publikim-i-ri-raporti-i-monitorimit-2021\/\">Publikim i ri: Raporti i Monitorimit 2021<\/a><\/li><li class=\"listing-item\"><a class=\"title\" href=\"https:\/\/www.investment.com.al\/sq\/keshilli-investimeve-diskuton-prioritetet-per-permiresimin-e-klimes-se-investimeve-gjate-2022\/\">K\u00ebshilli Investimeve diskuton prioritetet p\u00ebr p\u00ebrmir\u00ebsimin e klim\u00ebs s\u00eb investimeve gjat\u00eb 2022<\/a><\/li><li class=\"listing-item\"><a class=\"title\" href=\"https:\/\/www.investment.com.al\/sq\/publikim-mbi-klimen-e-investimeve-2015-2021\/\">Publikim &#8220;Mbi Klim\u00ebn e Investimeve 2015-2021&#8221;<\/a><\/li><\/ul><\/div>\n\t\t\t\t<\/div>\n\t\t\t\t\t\t\t<div class=\"elementor-accordion-item\">\n\t\t\t\t\t<div id=\"elementor-tab-title-1872\" class=\"elementor-tab-title\" data-tab=\"2\" role=\"button\" aria-controls=\"elementor-tab-content-1872\" aria-expanded=\"false\">\n\t\t\t\t\t\t\t\t\t\t\t\t\t<span class=\"elementor-accordion-icon elementor-accordion-icon-right\" aria-hidden=\"true\">\n\t\t\t\t\t\t\t\t\t\t\t\t\t\t\t<span class=\"elementor-accordion-icon-closed\"><i class=\"fas fa-plus\"><\/i><\/span>\n\t\t\t\t\t\t\t\t<span class=\"elementor-accordion-icon-opened\"><i class=\"fas fa-minus\"><\/i><\/span>\n\t\t\t\t\t\t\t\t\t\t\t\t\t\t<\/span>\n\t\t\t\t\t\t\t\t\t\t\t\t<a class=\"elementor-accordion-title\" tabindex=\"0\">2021<\/a>\n\t\t\t\t\t<\/div>\n\t\t\t\t\t<div id=\"elementor-tab-content-1872\" class=\"elementor-tab-content elementor-clearfix\" data-tab=\"2\" role=\"region\" aria-labelledby=\"elementor-tab-title-1872\"><ul class=\"display-posts-listing\"><li class=\"listing-item\"><a class=\"title\" href=\"https:\/\/www.investment.com.al\/sq\/konkurrueshmeria-dhe-nderkombetarizimi-i-nmvm-ve-shqiptare\/\">Konkurrueshm\u00ebria dhe Nd\u00ebrkomb\u00ebtarizimi i NMVM-ve shqiptare<\/a><\/li><li class=\"listing-item\"><a class=\"title\" href=\"https:\/\/www.investment.com.al\/sq\/keshilli-i-investimeve-diskuton-draft-strategjine-e-re-te-nxitjes-se-investimeve-dhe-biznesit-2021-2027\/\">K\u00ebshilli i Investimeve diskuton Draft Strategjin\u00eb e Re t\u00eb Nxitjes s\u00eb Investimeve dhe Biznesit 2021-2027<\/a><\/li><li class=\"listing-item\"><a class=\"title\" href=\"https:\/\/www.investment.com.al\/sq\/si-sektori-privat-mund-te-pershpejtoje-dixhitalizimin-e-ekonomise\/\">Si sektori privat mund t\u00eb p\u00ebrshpejtoj\u00eb dixhitalizimin e ekonomis\u00eb?<\/a><\/li><li class=\"listing-item\"><a class=\"title\" href=\"https:\/\/www.investment.com.al\/sq\/keshilli-i-investimeve-diskuton-rekomandime-per-te-nxitur-zhvillimin-e-kompanive-inovatore-drejt-nje-te-ardhmeje-dixhitale\/\">K\u00ebshilli i Investimeve diskuton rekomandime p\u00ebr t\u00eb nxitur zhvillimin e kompanive inovatore drejt nj\u00eb t\u00eb ardhmeje dixhitale<\/a><\/li><li class=\"listing-item\"><a class=\"title\" href=\"https:\/\/www.investment.com.al\/sq\/diskutim-teknik-koha-per-te-reaguar-dhe-pershpejtuar-ne-kohe-procesin-e-inovacionit-te-biznesit\/\">Diskutim Teknik: Koha p\u00ebr t\u00eb reaguar dhe p\u00ebrshpejtuar n\u00eb koh\u00eb procesin e inovacionit t\u00eb biznesit<\/a><\/li><li class=\"listing-item\"><a class=\"title\" href=\"https:\/\/www.investment.com.al\/sq\/avantazhet-dhe-sfidat-e-procesit-te-ri-te-fiskalizimit-diskutim-me-biznesin\/\">Avantazhet dhe Sfidat e Procesit t\u00eb Ri t\u00eb Fiskalizimit\u2014Diskutim me Biznesin<\/a><\/li><\/ul><\/div>\n\t\t\t\t<\/div>\n\t\t\t\t\t\t\t<div class=\"elementor-accordion-item\">\n\t\t\t\t\t<div id=\"elementor-tab-title-1873\" class=\"elementor-tab-title\" data-tab=\"3\" role=\"button\" aria-controls=\"elementor-tab-content-1873\" aria-expanded=\"false\">\n\t\t\t\t\t\t\t\t\t\t\t\t\t<span class=\"elementor-accordion-icon elementor-accordion-icon-right\" aria-hidden=\"true\">\n\t\t\t\t\t\t\t\t\t\t\t\t\t\t\t<span class=\"elementor-accordion-icon-closed\"><i class=\"fas fa-plus\"><\/i><\/span>\n\t\t\t\t\t\t\t\t<span class=\"elementor-accordion-icon-opened\"><i class=\"fas fa-minus\"><\/i><\/span>\n\t\t\t\t\t\t\t\t\t\t\t\t\t\t<\/span>\n\t\t\t\t\t\t\t\t\t\t\t\t<a class=\"elementor-accordion-title\" tabindex=\"0\">2020<\/a>\n\t\t\t\t\t<\/div>\n\t\t\t\t\t<div id=\"elementor-tab-content-1873\" class=\"elementor-tab-content elementor-clearfix\" data-tab=\"3\" role=\"region\" aria-labelledby=\"elementor-tab-title-1873\"><ul class=\"display-posts-listing\"><li class=\"listing-item\"><a class=\"title\" href=\"https:\/\/www.investment.com.al\/sq\/keshilli-i-investimeve-diskuton-sfidat-dhe-rekomandimet-per-shfrytezimin-e-potencialeve-per-investim-ne-sektorin-e-agro-perpunimit\/\">K\u00ebshilli i Investimeve diskuton sfidat dhe rekomandimet p\u00ebr shfryt\u00ebzimin e potencialeve p\u00ebr investim n\u00eb sektorin e agro-p\u00ebrpunimit<\/a><\/li><li class=\"listing-item\"><a class=\"title\" href=\"https:\/\/www.investment.com.al\/sq\/berzh-nis-vleresimin-per-te-permiresuar-kuadrin-ligjor-per-ristrukturimin-e-bizneseve-pas-pandemise\/\">BERZH nis vler\u00ebsimin p\u00ebr t\u00eb p\u00ebrmir\u00ebsuar kuadrin ligjor p\u00ebr ristrukturimin e bizneseve pas pandemis\u00eb<\/a><\/li><li class=\"listing-item\"><a class=\"title\" href=\"https:\/\/www.investment.com.al\/sq\/perdorimi-efikas-i-skemave-publike-per-garantimin-e-kredive-rrit-mundesine-e-financimit-te-ndermarrjeve-te-vogla-dhe-te-mesme-ne-shqiperi\/\">P\u00ebrdorimi Efikas i Skemave Publike p\u00ebr Garantimin e Kredive Rrit Mund\u00ebsin\u00eb e Financimit t\u00eb Nd\u00ebrmarrjeve t\u00eb Vogla dhe t\u00eb Mesme n\u00eb Shqip\u00ebri<\/a><\/li><li class=\"listing-item\"><a class=\"title\" href=\"https:\/\/www.investment.com.al\/sq\/keshilli-i-investimeve-organizon-mbledhje-plenare-per-te-diskutuar-sugjerimet-e-biznesit-mbi-planin-e-rimekembjes-ekonomike-te-vendit\/\">K\u00ebshilli i Investimeve organizon mbledhje plenare p\u00ebr t\u00eb diskutuar sugjerimet e biznesit mbi Planin e Rim\u00ebk\u00ebmbjes Ekonomike t\u00eb Vendit<\/a><\/li><li class=\"listing-item\"><a class=\"title\" href=\"https:\/\/www.investment.com.al\/sq\/konferenca-nderkombetare-e-keshillave-te-investimeve-cilat-jane-sfidat-dhe-mundesite-per-te-mbeshtetur-ne-kohe-bizneset-dhe-qeverite\/\">Konferenca Nd\u00ebrkomb\u00ebtare e K\u00ebshillave t\u00eb Investimeve: Cilat jan\u00eb sfidat dhe mund\u00ebsit\u00eb p\u00ebr t\u00eb mb\u00ebshtetur n\u00eb koh\u00eb bizneset dhe qeverit\u00eb<\/a><\/li><li class=\"listing-item\"><a class=\"title\" href=\"https:\/\/www.investment.com.al\/sq\/keshilli-i-investimeve-nxit-bashkepunimin-nder-institucional-permes-koordinimit-te-grupeve-te-punes-ne-sektore-prioritare-te-ekonomise\/\">K\u00ebshilli i Investimeve Nxit Bashk\u00ebpunimin Nd\u00ebr-Institucional p\u00ebrmes Koordinimit t\u00eb Grupeve t\u00eb Pun\u00ebs n\u00eb Sektor\u00eb Prioritar\u00eb t\u00eb Ekonomis\u00eb<\/a><\/li><li class=\"listing-item\"><a class=\"title\" href=\"https:\/\/www.investment.com.al\/sq\/keshilli-investimeve-organizon-mbledhje-te-jashtezakonshme-per-te-diskutuar-impaktin-e-pandemise-mbi-biznesin\/\">K\u00ebshilli Investimeve organizon mbledhje t\u00eb jasht\u00ebzakonshme p\u00ebr t\u00eb diskutuar impaktin e pandemis\u00eb mbi biznesin<\/a><\/li><li class=\"listing-item\"><a class=\"title\" href=\"https:\/\/www.investment.com.al\/sq\/sekretariati-i-keshillit-te-investimeve-ne-mbeshtetje-te-sipermarrjes-gjate-situates-se-emergjences-shkaktuar-nga-covid-19\/\">Sekretariati i K\u00ebshillit t\u00eb Investimeve n\u00eb Mb\u00ebshtetje t\u00eb Sip\u00ebrmarrjes gjat\u00eb Situat\u00ebs s\u00eb Emergjenc\u00ebs Shkaktuar nga COVID-19<\/a><\/li><li class=\"listing-item\"><a class=\"title\" href=\"https:\/\/www.investment.com.al\/sq\/keshilli-investimeve-diskuton-mbi-nderveprimin-bashki-biznes\/\">K\u00ebshilli Investimeve Diskuton mbi Nd\u00ebrveprimin Bashki-Biznes<\/a><\/li><\/ul><\/div>\n\t\t\t\t<\/div>\n\t\t\t\t\t\t\t<div class=\"elementor-accordion-item\">\n\t\t\t\t\t<div id=\"elementor-tab-title-1874\" class=\"elementor-tab-title\" data-tab=\"4\" role=\"button\" aria-controls=\"elementor-tab-content-1874\" aria-expanded=\"false\">\n\t\t\t\t\t\t\t\t\t\t\t\t\t<span class=\"elementor-accordion-icon elementor-accordion-icon-right\" aria-hidden=\"true\">\n\t\t\t\t\t\t\t\t\t\t\t\t\t\t\t<span class=\"elementor-accordion-icon-closed\"><i class=\"fas fa-plus\"><\/i><\/span>\n\t\t\t\t\t\t\t\t<span class=\"elementor-accordion-icon-opened\"><i class=\"fas fa-minus\"><\/i><\/span>\n\t\t\t\t\t\t\t\t\t\t\t\t\t\t<\/span>\n\t\t\t\t\t\t\t\t\t\t\t\t<a class=\"elementor-accordion-title\" tabindex=\"0\">2019<\/a>\n\t\t\t\t\t<\/div>\n\t\t\t\t\t<div id=\"elementor-tab-content-1874\" class=\"elementor-tab-content elementor-clearfix\" data-tab=\"4\" role=\"region\" aria-labelledby=\"elementor-tab-title-1874\"><ul class=\"display-posts-listing\"><li class=\"listing-item\"><a class=\"title\" href=\"https:\/\/www.investment.com.al\/sq\/keshilli-i-investimeve-diskuton-mbi-potencialet-per-investime-dhe-sektoret-prioritare\/\">K\u00ebshilli i Investimeve Diskuton Mbi Potencialet p\u00ebr Investime dhe Sektor\u00ebt Prioritar\u00eb<\/a><\/li><li class=\"listing-item\"><a class=\"title\" href=\"https:\/\/www.investment.com.al\/sq\/debat-mbi-stimulimin-e-investimeve-dhe-burimet-e-rritjes-ekonomike\/\">Debat mbi stimulimin e investimeve dhe  burimet e rritjes ekonomike<\/a><\/li><li class=\"listing-item\"><a class=\"title\" href=\"https:\/\/www.investment.com.al\/sq\/a-jane-konsultuar-bizneset-per-taksat-dhe-tarifat-e-reja-te-vendosura-nga-bashkite-cili-eshte-mendimi-i-biznesit-per-ekuilibrin-midis-sherbimeve-lokale-dhe-pagesave-tarifore\/\">A jan\u00eb konsultuar bizneset p\u00ebr taksat dhe tarifat e reja t\u00eb vendosura nga bashkit\u00eb? Cili \u00ebsht\u00eb mendimi i biznesit p\u00ebr ekuilibrin midis sh\u00ebrbimeve lokale dhe pagesave tarifore?<\/a><\/li><li class=\"listing-item\"><a class=\"title\" href=\"https:\/\/www.investment.com.al\/sq\/mbledhje-e-keshillit-te-investimeve-konsultimi-i-projektligjit-per-faturen-dhe-sistemin-e-monitorimit-te-qarkullimit\/\">Mbledhje e K\u00ebshillit t\u00eb Investimeve \u2013 Konsultimi i Projektligjit \u201cP\u00ebr Fatur\u00ebn dhe Sistemin e Monitorimit t\u00eb Qarkullimit\u201d<\/a><\/li><li class=\"listing-item\"><a class=\"title\" href=\"https:\/\/www.investment.com.al\/sq\/mbi-draft-ligjin-e-unifikuar-te-investimeve-konsultimi-me-aktore-te-biznesit\/\">Mbi draft ligjin e unifikuar t\u00eb investimeve, konsultimi me aktor\u00eb t\u00eb biznesit<\/a><\/li><li class=\"listing-item\"><a class=\"title\" href=\"https:\/\/www.investment.com.al\/sq\/mbledhje-e-keshillit-te-investimeve-mbi-stimulimin-e-investimeve-dhe-sigurine-juridike-te-prones\/\">Mbledhje e K\u00ebshillit t\u00eb Investimeve &#8211; &#8220;Mbi Stimulimin e Investimeve dhe Sigurin\u00eb Juridike t\u00eb Pron\u00ebs&#8221;<\/a><\/li><li class=\"listing-item\"><a class=\"title\" href=\"https:\/\/www.investment.com.al\/sq\/sekretariati-i-keshillit-te-investimeve-konsulton-me-eksperte-dhe-aktore-gjetjet-paraprake-mbi-stimulimin-e-investimeve-dhe-sigurine-ligjore-te-prones\/\">Sekretariati i K\u00ebshillit t\u00eb Investimeve Konsulton me Ekspert\u00eb dhe Aktor\u00eb Gjetjet Paraprake &#8220;Mbi Stimulimin e Investimeve dhe Sigurin\u00eb Ligjore t\u00eb Pron\u00ebs&#8221;<\/a><\/li><li class=\"listing-item\"><a class=\"title\" href=\"https:\/\/www.investment.com.al\/sq\/tryeze-konsultimi-me-biznese-mbi-strategjine-e-rimbursimit-te-tvsh-se-dhe-informalitetin-ne-2019\/\">Tryez\u00eb konsultimi me biznese mbi strategjin\u00eb e rimbursimit t\u00eb TVSH-s\u00eb dhe Informalitetin n\u00eb 2019<\/a><\/li><\/ul><\/div>\n\t\t\t\t<\/div>\n\t\t\t\t\t\t\t<div class=\"elementor-accordion-item\">\n\t\t\t\t\t<div id=\"elementor-tab-title-1875\" class=\"elementor-tab-title\" data-tab=\"5\" role=\"button\" aria-controls=\"elementor-tab-content-1875\" aria-expanded=\"false\">\n\t\t\t\t\t\t\t\t\t\t\t\t\t<span class=\"elementor-accordion-icon elementor-accordion-icon-right\" aria-hidden=\"true\">\n\t\t\t\t\t\t\t\t\t\t\t\t\t\t\t<span class=\"elementor-accordion-icon-closed\"><i class=\"fas fa-plus\"><\/i><\/span>\n\t\t\t\t\t\t\t\t<span class=\"elementor-accordion-icon-opened\"><i class=\"fas fa-minus\"><\/i><\/span>\n\t\t\t\t\t\t\t\t\t\t\t\t\t\t<\/span>\n\t\t\t\t\t\t\t\t\t\t\t\t<a class=\"elementor-accordion-title\" tabindex=\"0\">2018<\/a>\n\t\t\t\t\t<\/div>\n\t\t\t\t\t<div id=\"elementor-tab-content-1875\" class=\"elementor-tab-content elementor-clearfix\" data-tab=\"5\" role=\"region\" aria-labelledby=\"elementor-tab-title-1875\"><ul class=\"display-posts-listing\"><li class=\"listing-item\"><a class=\"title\" href=\"https:\/\/www.investment.com.al\/sq\/mbi-kuadrin-ligjor-dhe-institucional-ne-turizem\/\">Mbi Kuadrin Ligjor dhe Institucional n\u00eb Turiz\u00ebm<\/a><\/li><li class=\"listing-item\"><a class=\"title\" href=\"https:\/\/www.investment.com.al\/sq\/lancimi-i-agjendes-rajonale-i-reformes-se-investimeve-rira\/\">Lan\u00e7imi i Agjend\u00ebs Rajonale i Reform\u00ebs s\u00eb Investimeve (RIRA)<\/a><\/li><li class=\"listing-item\"><a class=\"title\" href=\"https:\/\/www.investment.com.al\/sq\/prezantohet-ne-tirane-raporti-i-tranzicionit-2017-2018-nga-berzh\/\">Prezantohet n\u00eb Tiran\u00eb \u201cRaporti i Tranzicionit 2017-2018\u201d nga BERZH<\/a><\/li><li class=\"listing-item\"><a class=\"title\" href=\"https:\/\/www.investment.com.al\/sq\/keshilli-i-investimeve-diskuton-mbi-funksionimin-e-platformes-e-lejet-ne-kuader-te-reformes-se-derregullimit\/\">K\u00ebshilli i Investimeve diskuton Mbi Funksionimin e Platform\u00ebs e-Lejet, n\u00eb Kuad\u00ebr t\u00eb Reform\u00ebs s\u00eb Derregullimit<\/a><\/li><\/ul><\/div>\n\t\t\t\t<\/div>\n\t\t\t\t\t\t\t<div class=\"elementor-accordion-item\">\n\t\t\t\t\t<div id=\"elementor-tab-title-1876\" class=\"elementor-tab-title\" data-tab=\"6\" role=\"button\" aria-controls=\"elementor-tab-content-1876\" aria-expanded=\"false\">\n\t\t\t\t\t\t\t\t\t\t\t\t\t<span class=\"elementor-accordion-icon elementor-accordion-icon-right\" aria-hidden=\"true\">\n\t\t\t\t\t\t\t\t\t\t\t\t\t\t\t<span class=\"elementor-accordion-icon-closed\"><i class=\"fas fa-plus\"><\/i><\/span>\n\t\t\t\t\t\t\t\t<span class=\"elementor-accordion-icon-opened\"><i class=\"fas fa-minus\"><\/i><\/span>\n\t\t\t\t\t\t\t\t\t\t\t\t\t\t<\/span>\n\t\t\t\t\t\t\t\t\t\t\t\t<a class=\"elementor-accordion-title\" tabindex=\"0\">2017<\/a>\n\t\t\t\t\t<\/div>\n\t\t\t\t\t<div id=\"elementor-tab-content-1876\" class=\"elementor-tab-content elementor-clearfix\" data-tab=\"6\" role=\"region\" aria-labelledby=\"elementor-tab-title-1876\"><ul class=\"display-posts-listing\"><li class=\"listing-item\"><a class=\"title\" href=\"https:\/\/www.investment.com.al\/sq\/keshilli-i-investimeve-diskuton-gjetjet-e-vrojtimit-me-bizneset-mbi-administrimin-tatimor-dhe-informalitetin\/\">K\u00ebshilli i Investimeve diskuton gjetjet e vrojtimit me bizneset mbi administrimin tatimor dhe informalitetin<\/a><\/li><li class=\"listing-item\"><a class=\"title\" href=\"https:\/\/www.investment.com.al\/sq\/sekretariati-i-keshillit-te-investimeve-konsulton-me-eksperte-dhe-aktore-te-tjere-gjetjet-paraprake-mbi-ecurine-e-portalit-e-lejet\/\">Sekretariati i K\u00ebshillit t\u00eb Investimeve konsulton me ekspert\u00eb dhe aktor\u00eb t\u00eb tjer\u00eb gjetjet paraprake mbi ecurin\u00eb e portalit e-lejet<\/a><\/li><li class=\"listing-item\"><a class=\"title\" href=\"https:\/\/www.investment.com.al\/sq\/sekretariati-i-keshillit-te-investimeve-diskuton-gjetjet-paraprake-te-vrojtimit-mbi-administraten-tatimore-dhe-informalitetin-me-perfaqesues-te-biznesit\/\">Sekretariati i K\u00ebshillit t\u00eb Investimeve diskuton gjetjet paraprake t\u00eb Vrojtimit mbi Administrat\u00ebn Tatimore dhe Informalitetin me p\u00ebrfaq\u00ebsues t\u00eb biznesit<\/a><\/li><li class=\"listing-item\"><a class=\"title\" href=\"https:\/\/www.investment.com.al\/sq\/sqarim-per-median\/\">Sqarim p\u00ebr Median<\/a><\/li><li class=\"listing-item\"><a class=\"title\" href=\"https:\/\/www.investment.com.al\/sq\/sekretariati-i-keshillit-te-investimeve-diskuton-me-eksperte-dhe-pale-te-interesuara-gjetjet-mbi-lehtesimin-e-procedurave-doganore\/\">Sekretariati i K\u00ebshillit t\u00eb Investimeve diskuton me ekspert\u00eb dhe pal\u00eb t\u00eb interesuara gjetjet mbi Leht\u00ebsimin e Pro\u00e7edurave Doganore<\/a><\/li><li class=\"listing-item\"><a class=\"title\" href=\"https:\/\/www.investment.com.al\/sq\/shkembimi-i-eksperiencave-dhe-aplikimi-i-praktikave-me-te-mira-konference-per-rolin-dhe-impaktin-e-keshillave-te-investimeve-mbeshtetur-nga-banka-evropiane-per-rindertim-dh\/\">\u201cShk\u00ebmbimi i Eksperiencave dhe Aplikimi i Praktikave m\u00eb t\u00eb mira\u201d \u2013 Konferenc\u00eb p\u00ebr rolin dhe impaktin e K\u00ebshillave t\u00eb Investimeve mb\u00ebshtetur nga Banka Evropiane p\u00ebr Rind\u00ebrtim dhe Zhvillim<\/a><\/li><li class=\"listing-item\"><a class=\"title\" href=\"https:\/\/www.investment.com.al\/sq\/keshilli-i-investimeve-diskuton-potencialet-e-investimeve-dhe-problematikat-e-cilesise-se-tregut-te-punes-ne-sektorin-e-sherbimeve-te-nenkontraktuara\/\">K\u00ebshilli i Investimeve diskuton Potencialet e Investimeve dhe Problematikat e Cil\u00ebsis\u00eb s\u00eb Tregut t\u00eb Pun\u00ebs n\u00eb Sektorin e Sh\u00ebrbimeve t\u00eb N\u00ebnkontraktuara<\/a><\/li><li class=\"listing-item\"><a class=\"title\" href=\"https:\/\/www.investment.com.al\/sq\/keshilli-i-investimeve-dhe-sekretariati-nderohen-me-business-award-2016\/\">Keshilli i Investimeve dhe Sekretariati nderohen me Business Award 2016<\/a><\/li><\/ul><\/div>\n\t\t\t\t<\/div>\n\t\t\t\t\t\t\t<div class=\"elementor-accordion-item\">\n\t\t\t\t\t<div id=\"elementor-tab-title-1877\" class=\"elementor-tab-title\" data-tab=\"7\" role=\"button\" aria-controls=\"elementor-tab-content-1877\" aria-expanded=\"false\">\n\t\t\t\t\t\t\t\t\t\t\t\t\t<span class=\"elementor-accordion-icon elementor-accordion-icon-right\" aria-hidden=\"true\">\n\t\t\t\t\t\t\t\t\t\t\t\t\t\t\t<span class=\"elementor-accordion-icon-closed\"><i class=\"fas fa-plus\"><\/i><\/span>\n\t\t\t\t\t\t\t\t<span class=\"elementor-accordion-icon-opened\"><i class=\"fas fa-minus\"><\/i><\/span>\n\t\t\t\t\t\t\t\t\t\t\t\t\t\t<\/span>\n\t\t\t\t\t\t\t\t\t\t\t\t<a class=\"elementor-accordion-title\" tabindex=\"0\">2016<\/a>\n\t\t\t\t\t<\/div>\n\t\t\t\t\t<div id=\"elementor-tab-content-1877\" class=\"elementor-tab-content elementor-clearfix\" data-tab=\"7\" role=\"region\" aria-labelledby=\"elementor-tab-title-1877\"><ul class=\"display-posts-listing\"><li class=\"listing-item\"><a class=\"title\" href=\"https:\/\/www.investment.com.al\/sq\/keshilli-i-investimeve-diskuton-problematikat-e-biznesit-ne-lidhje-me-rimbursimin-e-tatimit-mbi-vleren-e-shtuar-tvsh-se\/\">K\u00ebshilli i Investimeve diskuton problematikat e biznesit n\u00eb lidhje me Rimbursimin e Tatimit mbi Vler\u00ebn e Shtuar (TVSH-s\u00eb)<\/a><\/li><li class=\"listing-item\"><a class=\"title\" href=\"https:\/\/www.investment.com.al\/sq\/sekretariati-i-keshillit-te-investimeve-diskuton-me-eskperte-te-fushes-gjetjet-paraprake-mbi-problematikat-e-rimbursimit-te-tvsh-se\/\">Sekretariati i K\u00ebshillit t\u00eb Investimeve diskuton me eskpert\u00eb t\u00eb fush\u00ebs gjetjet paraprake mbi problematikat e rimbursimit t\u00eb TVSH-s\u00eb<\/a><\/li><li class=\"listing-item\"><a class=\"title\" href=\"https:\/\/www.investment.com.al\/sq\/nje-veshtrim-mbi-treguesit-e-zhvillimit-ekonomik-te-shqiperise\/\">Nj\u00eb V\u00ebshtrim mbi Treguesit e Zhvillimit Ekonomik t\u00eb Shqip\u00ebris\u00eb<\/a><\/li><li class=\"listing-item\"><a class=\"title\" href=\"https:\/\/www.investment.com.al\/sq\/keshilli-i-investimeve-diskuton-per-formalizimin-ne-bujqesi-fokus-skema-e-kompensimit-te-tvsh-se-dhe-nxitja-e-investimeve\/\">K\u00ebshilli i Investimeve diskuton p\u00ebr formalizimin n\u00eb bujq\u00ebsi &#8211; fokus skema e kompensimit t\u00eb TVSH-s\u00eb dhe nxitja e investimeve<\/a><\/li><li class=\"listing-item\"><a class=\"title\" href=\"https:\/\/www.investment.com.al\/sq\/aksesi-ne-financim-nje-nga-problematikat-kryesore-te-biznesit-forumi-iv-financiar\/\">&#8216;Aksesi n\u00eb Financim&#8217; nj\u00eb nga problematikat kryesore t\u00eb biznesit, Forumi IV Financiar<\/a><\/li><li class=\"listing-item\"><a class=\"title\" href=\"https:\/\/www.investment.com.al\/sq\/takim-konsultativ-me-eksperte-ne-lidhje-me-skemen-e-kompensimit-te-tvsh-se-per-fermerin-grumbulluesin-dhe-subvencionet-ne-bujqesi-si-incentiva-per-formalizim-dhe-investim\/\">Takim Konsultativ me Ekspert\u00eb n\u00eb lidhje me Skem\u00ebn e Kompensimit t\u00eb TVSH-s\u00eb p\u00ebr fermerin\/grumbulluesin dhe subvencionet n\u00eb bujq\u00ebsi &#8211; si incentiva p\u00ebr formalizim dhe investim<\/a><\/li><li class=\"listing-item\"><a class=\"title\" href=\"https:\/\/www.investment.com.al\/sq\/keshilli-i-investimeve-pritet-te-diskutoje-per-formalizimin-e-bujqesise-skema-e-kompensimit-te-tvsh-se-dhe-subvencionet-2\/\">K\u00ebshilli i Investimeve pritet t\u00eb diskutoj\u00eb \u201cP\u00ebr formalizimin e bujq\u00ebsis\u00eb: Skema e kompensimit t\u00eb TVSH-s\u00eb dhe Subvencionet\u201d<\/a><\/li><li class=\"listing-item\"><a class=\"title\" href=\"https:\/\/www.investment.com.al\/sq\/rekomandime-te-keshillit-te-investimeve-reflektohen-ne-ndryshimet-e-fundit-te-procedurave-tatimore\/\">Rekomandime t\u00eb K\u00ebshillit t\u00eb Investimeve reflektohen n\u00eb ndryshimet e fundit t\u00eb Procedurave Tatimore<\/a><\/li><li class=\"listing-item\"><a class=\"title\" href=\"https:\/\/www.investment.com.al\/sq\/keshilli-i-investimeve-diskuton-mbi-incentivat-per-nxitjen-e-investimeve-shqiperia-krahasuar-me-vendet-e-ballkanit-perendimor-2\/\">K\u00ebshilli i Investimeve diskuton mbi \u201cIncentivat p\u00ebr nxitjen e Investimeve: Shqip\u00ebria krahasuar me vendet e Ballkanit Perendimor\u201d<\/a><\/li><li class=\"listing-item\"><a class=\"title\" href=\"https:\/\/www.investment.com.al\/sq\/keshilli-i-investimeve-diskuton-mbi-incentivat-per-nxitjen-e-investimeve-shqiperia-krahasuar-me-vendet-e-ballkanit-perendimor\/\">K\u00ebshilli i Investimeve diskuton mbi \u201cIncentivat p\u00ebr nxitjen e Investimeve: Shqip\u00ebria krahasuar me vendet e Ballkanit Perendimor\u201d<\/a><\/li><\/ul><\/div>\n\t\t\t\t<\/div>\n\t\t\t\t\t\t\t<div class=\"elementor-accordion-item\">\n\t\t\t\t\t<div id=\"elementor-tab-title-1878\" class=\"elementor-tab-title\" data-tab=\"8\" role=\"button\" aria-controls=\"elementor-tab-content-1878\" aria-expanded=\"false\">\n\t\t\t\t\t\t\t\t\t\t\t\t\t<span class=\"elementor-accordion-icon elementor-accordion-icon-right\" aria-hidden=\"true\">\n\t\t\t\t\t\t\t\t\t\t\t\t\t\t\t<span class=\"elementor-accordion-icon-closed\"><i class=\"fas fa-plus\"><\/i><\/span>\n\t\t\t\t\t\t\t\t<span class=\"elementor-accordion-icon-opened\"><i class=\"fas fa-minus\"><\/i><\/span>\n\t\t\t\t\t\t\t\t\t\t\t\t\t\t<\/span>\n\t\t\t\t\t\t\t\t\t\t\t\t<a class=\"elementor-accordion-title\" tabindex=\"0\">2015<\/a>\n\t\t\t\t\t<\/div>\n\t\t\t\t\t<div id=\"elementor-tab-content-1878\" class=\"elementor-tab-content elementor-clearfix\" data-tab=\"8\" role=\"region\" aria-labelledby=\"elementor-tab-title-1878\"><ul class=\"display-posts-listing\"><li class=\"listing-item\"><a class=\"title\" href=\"https:\/\/www.investment.com.al\/sq\/per-nje-reforme-efikase-kunder-informalitetit\/\">P\u00ebr nj\u00eb reform\u00eb efikase kund\u00ebr informalitetit<\/a><\/li><li class=\"listing-item\"><a class=\"title\" href=\"https:\/\/www.investment.com.al\/sq\/mblidhet-keshilli-i-investimeve-prezantohet-reforma-e-deregulimit\/\">Mblidhet K\u00ebshilli i investimeve, prezantohet reforma e deregulimit<\/a><\/li><li class=\"listing-item\"><a class=\"title\" href=\"https:\/\/www.investment.com.al\/sq\/nje-hap-me-shume-drejt-rritjes-se-investimeve\/\">Nj\u00eb hap m\u00eb shum\u00eb drejt rritjes s\u00eb investimeve<\/a><\/li><li class=\"listing-item\"><a class=\"title\" href=\"https:\/\/www.investment.com.al\/sq\/krijohet-keshilli-i-investimeve-ministri-ahmetaj-finalizim-i-bashkepunimit-te-suksesshem-me-berzh\/\">Krijohet K\u00ebshilli i Investimeve. Ministri Ahmetaj: finalizim i bashk\u00ebpunimit t\u00eb suksessh\u00ebm me BERZH!<\/a><\/li><\/ul><\/div>\n\t\t\t\t<\/div>\n\t\t\t\t\t\t\t<div class=\"elementor-accordion-item\">\n\t\t\t\t\t<div id=\"elementor-tab-title-1879\" class=\"elementor-tab-title\" data-tab=\"9\" role=\"button\" aria-controls=\"elementor-tab-content-1879\" aria-expanded=\"false\">\n\t\t\t\t\t\t\t\t\t\t\t\t\t<span class=\"elementor-accordion-icon elementor-accordion-icon-right\" aria-hidden=\"true\">\n\t\t\t\t\t\t\t\t\t\t\t\t\t\t\t<span class=\"elementor-accordion-icon-closed\"><i class=\"fas fa-plus\"><\/i><\/span>\n\t\t\t\t\t\t\t\t<span class=\"elementor-accordion-icon-opened\"><i class=\"fas fa-minus\"><\/i><\/span>\n\t\t\t\t\t\t\t\t\t\t\t\t\t\t<\/span>\n\t\t\t\t\t\t\t\t\t\t\t\t<a class=\"elementor-accordion-title\" tabindex=\"0\">2014<\/a>\n\t\t\t\t\t<\/div>\n\t\t\t\t\t<div id=\"elementor-tab-content-1879\" class=\"elementor-tab-content elementor-clearfix\" data-tab=\"9\" role=\"region\" aria-labelledby=\"elementor-tab-title-1879\"><ul class=\"display-posts-listing\"><li class=\"listing-item\"><a class=\"title\" href=\"https:\/\/www.investment.com.al\/sq\/memorandumi-i-mirekuptimit\/\">Memorandumi i Mir\u00ebkuptimit<\/a><\/li><li class=\"listing-item\"><a class=\"title\" href=\"https:\/\/www.investment.com.al\/sq\/iniciativa-per-klimen-e-investimeve-dhe-qeverisje-icgi\/\">Iniciativa p\u00ebr Klim\u00ebn e Investimeve dhe Qeverisje (ICGI)<\/a><\/li><\/ul><\/div>\n\t\t\t\t<\/div>\n\t\t\t\t\t\t\t\t<\/div>\n\t\t\t\t<\/div>\n\t\t\t\t<\/div>\n\t\t\t\t\t<\/div>\n\t\t<\/div>\n\t\t\t\t\t\t\t<\/div>\n\t\t<\/section>\n\t\t\t\t\t<\/div>\n\t\t<\/div>\n\t\t\t\t\t\t\t<\/div>\n\t\t<\/section>\n\t\t\t\t<section class=\"elementor-section elementor-inner-section elementor-element elementor-element-e935e96 elementor-section-full_width custom-right-section elementor-section-height-default elementor-section-height-default\" data-id=\"e935e96\" data-element_type=\"section\" id=\"methodology\" data-settings=\"{&quot;background_background&quot;:&quot;classic&quot;}\">\n\t\t\t\t\t\t<div class=\"elementor-container elementor-column-gap-default\">\n\t\t\t\t\t<div class=\"elementor-column elementor-col-100 elementor-inner-column elementor-element elementor-element-9881364\" data-id=\"9881364\" data-element_type=\"column\" data-settings=\"{&quot;background_background&quot;:&quot;classic&quot;}\">\n\t\t\t<div class=\"elementor-widget-wrap elementor-element-populated\">\n\t\t\t\t\t\t\t\t<div class=\"elementor-element elementor-element-e981113 remove-margin elementor-widget elementor-widget-heading\" data-id=\"e981113\" data-element_type=\"widget\" data-widget_type=\"heading.default\">\n\t\t\t\t<div class=\"elementor-widget-container\">\n\t\t\t<h2 class=\"elementor-heading-title elementor-size-default\">Metodologjia e pun\u00ebs<\/h2>\t\t<\/div>\n\t\t\t\t<\/div>\n\t\t\t\t<div class=\"elementor-element elementor-element-dea196c elementor-widget elementor-widget-heading\" data-id=\"dea196c\" data-element_type=\"widget\" data-widget_type=\"heading.default\">\n\t\t\t\t<div class=\"elementor-widget-container\">\n\t\t\t<h2 class=\"elementor-heading-title elementor-size-default\">M\u00ebnyra si Sekretariati p\u00ebrgatit Notat Teknike (NT).<\/h2>\t\t<\/div>\n\t\t\t\t<\/div>\n\t\t\t\t<div class=\"elementor-element elementor-element-dec85ef elementor-widget elementor-widget-image\" data-id=\"dec85ef\" data-element_type=\"widget\" data-widget_type=\"image.default\">\n\t\t\t\t<div class=\"elementor-widget-container\">\n\t\t\t<style>\/*! elementor - v3.18.0 - 20-12-2023 *\/\n.elementor-widget-image{text-align:center}.elementor-widget-image a{display:inline-block}.elementor-widget-image a img[src$=\".svg\"]{width:48px}.elementor-widget-image img{vertical-align:middle;display:inline-block}<\/style>\t\t\t\t\t\t\t\t\t\t\t\t<img loading=\"lazy\" decoding=\"async\" width=\"1231\" height=\"444\" src=\"https:\/\/www.investment.com.al\/wp-content\/uploads\/2022\/12\/Group-1422-1.png\" class=\"attachment-full size-full wp-image-4068\" alt=\"\" srcset=\"https:\/\/www.investment.com.al\/wp-content\/uploads\/2022\/12\/Group-1422-1.png 1231w, https:\/\/www.investment.com.al\/wp-content\/uploads\/2022\/12\/Group-1422-1-300x108.png 300w, https:\/\/www.investment.com.al\/wp-content\/uploads\/2022\/12\/Group-1422-1-1024x369.png 1024w, https:\/\/www.investment.com.al\/wp-content\/uploads\/2022\/12\/Group-1422-1-768x277.png 768w, https:\/\/www.investment.com.al\/wp-content\/uploads\/2022\/12\/Group-1422-1-350x126.png 350w, https:\/\/www.investment.com.al\/wp-content\/uploads\/2022\/12\/Group-1422-1-370x133.png 370w, https:\/\/www.investment.com.al\/wp-content\/uploads\/2022\/12\/Group-1422-1-255x92.png 255w, https:\/\/www.investment.com.al\/wp-content\/uploads\/2022\/12\/Group-1422-1-285x103.png 285w\" sizes=\"(max-width: 1231px) 100vw, 1231px\" \/>\t\t\t\t\t\t\t\t\t\t\t\t\t\t\t<\/div>\n\t\t\t\t<\/div>\n\t\t\t\t\t<\/div>\n\t\t<\/div>\n\t\t\t\t\t\t\t<\/div>\n\t\t<\/section>\n\t\t\t\t\t<\/div>\n\t\t<\/div>\n\t\t\t\t\t\t\t<\/div>\n\t\t<\/div>\n\t\t\t\t\t\t\t<\/div>\n\t\t","protected":false},"excerpt":{"rendered":"<p>Stafi Metodologjia e pun\u00ebs Stafi Q\u00eb prej vitit 2015, KI mb\u00ebshtetet dhe koordinohet nga nj\u00eb Sekretariat teknik q\u00eb p\u00ebrb\u00ebhet nga profesionist\u00eb t\u00eb pavarur t\u00eb p\u00ebrzgjedhur dhe monitoruar n\u00eb aktivitetet e tyre nga BERZH. Mandati i Sekretariatit \u00ebsht\u00eb t\u00eb angazhohet drejtp\u00ebrdrejt me komunitetin e biznesit, t\u00eb mb\u00ebshtes\u00eb diskutimet n\u00eb KI me pun\u00eb k\u00ebrkimore, analitike dhe t\u00eb [&hellip;]<\/p>\n","protected":false},"author":1,"featured_media":0,"parent":0,"menu_order":0,"comment_status":"closed","ping_status":"closed","template":"elementor_header_footer","meta":{"footnotes":""},"class_list":["post-3990","page","type-page","status-publish","hentry"],"acf":[],"_links":{"self":[{"href":"https:\/\/www.investment.com.al\/sq\/wp-json\/wp\/v2\/pages\/3990","targetHints":{"allow":["GET"]}}],"collection":[{"href":"https:\/\/www.investment.com.al\/sq\/wp-json\/wp\/v2\/pages"}],"about":[{"href":"https:\/\/www.investment.com.al\/sq\/wp-json\/wp\/v2\/types\/page"}],"author":[{"embeddable":true,"href":"https:\/\/www.investment.com.al\/sq\/wp-json\/wp\/v2\/users\/1"}],"replies":[{"embeddable":true,"href":"https:\/\/www.investment.com.al\/sq\/wp-json\/wp\/v2\/comments?post=3990"}],"version-history":[{"count":49,"href":"https:\/\/www.investment.com.al\/sq\/wp-json\/wp\/v2\/pages\/3990\/revisions"}],"predecessor-version":[{"id":10282,"href":"https:\/\/www.investment.com.al\/sq\/wp-json\/wp\/v2\/pages\/3990\/revisions\/10282"}],"wp:attachment":[{"href":"https:\/\/www.investment.com.al\/sq\/wp-json\/wp\/v2\/media?parent=3990"}],"curies":[{"name":"wp","href":"https:\/\/api.w.org\/{rel}","templated":true}]}}